{"id":81684,"date":"2025-06-06T12:50:52","date_gmt":"2025-06-06T10:50:52","guid":{"rendered":"https:\/\/turismo.benicassim.es\/?page_id=81684"},"modified":"2026-04-17T07:34:41","modified_gmt":"2026-04-17T05:34:41","slug":"audioguides-frances","status":"publish","type":"page","link":"https:\/\/turismo.benicassim.es\/en\/audioguides-frances\/","title":{"rendered":"Audioguides 2"},"content":{"rendered":"<p>[vc_row full_width=&#8221;stretch_row&#8221; el_class=&#8221;breadcrumb-container banner letra-montserrat&#8221;][vc_column]<div class=\"my-breadcrumb\" style=\"display:inline-block;\"><a href=\"https:\/\/turismo.benicassim.es\/en\/\" class=\"link-color-2\">Home<\/a> \/ <span>Audioguides 2<\/span><\/div>[\/vc_column][\/vc_row][vc_row][vc_column]\n\t\t\t<!-- START Audioguides REVOLUTION SLIDER 6.6.14 --><p class=\"rs-p-wp-fix\"><\/p>\n\t\t\t<rs-module-wrap id=\"rev_slider_52_1_wrapper\" data-source=\"gallery\" style=\"visibility:hidden;background:transparent;padding:0;margin:0px auto;margin-top:0;margin-bottom:0;\">\n\t\t\t\t<rs-module id=\"rev_slider_52_1\" style=\"\" data-version=\"6.6.14\">\n\t\t\t\t\t<rs-slides style=\"overflow: hidden; position: absolute;\">\n\t\t\t\t\t\t<rs-slide style=\"position: absolute;\" data-key=\"rs-208\" data-title=\"Slide\" data-anim=\"ms:1000;r:0;\" data-in=\"o:0;\" data-out=\"a:false;\">\n\t\t\t\t\t\t\t<img decoding=\"async\" src=\"\/\/turismo.benicassim.es\/wp-content\/plugins\/revslider\/public\/assets\/assets\/dummy.png\" alt=\"\" title=\"cascos_audioguias\" width=\"1280\" height=\"853\" class=\"rev-slidebg tp-rs-img rs-lazyload\" data-lazyload=\"\/\/turismo.benicassim.es\/wp-content\/uploads\/2021\/10\/cascos_audioguias.jpg\" data-no-retina>\n<!--\n\t\t\t\t\t\t\t--><h1\n\t\t\t\t\t\t\t\tid=\"slider-52-slide-208-layer-0\" \n\t\t\t\t\t\t\t\tclass=\"rs-layer letra-antonio\"\n\t\t\t\t\t\t\t\tdata-type=\"text\"\n\t\t\t\t\t\t\t\tdata-color=\"#ffffff\"\n\t\t\t\t\t\t\t\tdata-rsp_ch=\"on\"\n\t\t\t\t\t\t\t\tdata-xy=\"x:c;y:c;\"\n\t\t\t\t\t\t\t\tdata-text=\"w:normal;s:60;l:90;ls:2px;\"\n\t\t\t\t\t\t\t\tdata-frame_999=\"o:0;st:w;\"\n\t\t\t\t\t\t\t\tstyle=\"z-index:5;font-family:'Anton';\"\n\t\t\t\t\t\t\t>Audioguides Benic\u00e0ssim \n\t\t\t\t\t\t\t<\/h1><!--\n-->\t\t\t\t\t\t<\/rs-slide>\n\t\t\t\t\t<\/rs-slides>\n\t\t\t\t<\/rs-module>\n\t\t\t\t<script>\n\t\t\t\t\tsetREVStartSize({c: 'rev_slider_52_1',rl:[1240,1024,778,480],el:[550],gw:[1900],gh:[550],type:'standard',justify:'',layout:'fullwidth',mh:\"0\"});if (window.RS_MODULES!==undefined && window.RS_MODULES.modules!==undefined && window.RS_MODULES.modules[\"revslider521\"]!==undefined) {window.RS_MODULES.modules[\"revslider521\"].once = false;window.revapi52 = undefined;if (window.RS_MODULES.checkMinimal!==undefined) window.RS_MODULES.checkMinimal()}\n\t\t\t\t<\/script>\n\t\t\t<\/rs-module-wrap>\n\t\t\t<!-- END REVOLUTION SLIDER -->\n[\/vc_column][\/vc_row][vc_row full_width=&#8221;stretch_row&#8221; el_class=&#8221;bloque&#8221;][vc_column el_class=&#8221;contenido&#8221;][vc_column_text el_class=&#8221;tabla-audioguias&#8221;]<\/p>\n<table>\n<tbody>\n<tr>\n<td>01 Introduction<\/td>\n<td><audio controls=\"controls\"><source src=\"\/wp-content\/uploads\/2025\/06\/01-Introduction.mp3\" type=\"audio\/mp3\" \/><\/audio><\/td>\n<\/tr>\n<tr>\n<td>02 Introduction au Parcours des Villas<\/td>\n<td><audio controls=\"controls\"><source src=\"\/wp-content\/uploads\/2025\/06\/02-INTRODUCTION-AU-PARCOURS-DES-VILLAS.mp3\" type=\"audio\/mp3\" \/><\/audio><\/td>\n<\/tr>\n<tr>\n<td>03 Tour de Saint Vincent<\/td>\n<td><audio controls=\"controls\"><source src=\"\/wp-content\/uploads\/2025\/06\/03-TOUR-DE-SAINT-VINCENTwav.mp3\" type=\"audio\/mp3\" \/><\/audio><\/td>\n<\/tr>\n<tr>\n<td>04 Villas Solimar, Camilleri, El Barco et Iluminada<\/td>\n<td><audio controls=\"controls\"><source src=\"\/wp-content\/uploads\/2025\/06\/04-VILLAS-SOLIMAR-CAMILLERI-EL-BARCO-ET-ILUMINADA.mp3\" type=\"audio\/mp3\" \/><\/audio><\/td>\n<\/tr>\n<tr>\n<td>05 Villas Sofi\u0301a, Santa Cristina et Marina<\/td>\n<td><audio controls=\"controls\"><source src=\"\/wp-content\/uploads\/2025\/06\/05-VILLAS-SOFA\u008dA-SANTA-CRISTINA-ET-MARINA.mp3\" type=\"audio\/mp3\" \/><\/audio><\/td>\n<\/tr>\n<tr>\n<td>06 Villas Mari\u0301a del Carmen et Da\u0301valos<\/td>\n<td><audio controls=\"controls\"><source src=\"\/wp-content\/uploads\/2025\/06\/06-Villas-MarA\u00ada-del-Carmen-et-DA\u00a1valos.mp3\" type=\"audio\/mp3\" \/><\/audio><\/td>\n<\/tr>\n<tr>\n<td>07 Villas Maria Julia, Sainte Ana et Maria<\/td>\n<td><audio controls=\"controls\"><source src=\"\/wp-content\/uploads\/2025\/06\/07-VILLAS-MARIA-JULIA-SAINTE-ANA-ET-MARIA.mp3\" type=\"audio\/mp3\" \/><\/audio><\/td>\n<\/tr>\n<tr>\n<td>08 Villas Rosita et Villa Vicentica<\/td>\n<td><audio controls=\"controls\"><source src=\"\/wp-content\/uploads\/2025\/06\/08-VILLAS-ROSITA-ET-VILLA-VICENTICA.mp3\" type=\"audio\/mp3\" \/><\/audio><\/td>\n<\/tr>\n<tr>\n<td>09 Villa Gens, Cuatro Villas et Villa Del Mar<\/td>\n<td><audio controls=\"controls\"><source src=\"\/wp-content\/uploads\/2025\/06\/09-VILLA-GENS-CUATRO-VILLAS-ET-VILLA-DEL-MAR.mp3\" type=\"audio\/mp3\" \/><\/audio><\/td>\n<\/tr>\n<tr>\n<td>10 Villa Pons, Villa Rafaela et Villa Socorrito<\/td>\n<td><audio controls=\"controls\"><source src=\"\/wp-content\/uploads\/2025\/06\/10-VILLA-PONS-VILLA-RAFAELA-ET-VILLA-SOCORRITO.mp3\" type=\"audio\/mp3\" \/><\/audio><\/td>\n<\/tr>\n<tr>\n<td>11 Villa Amparo, Villa Victoria, Villa Carpi et Villa Paquita<\/td>\n<td><audio controls=\"controls\"><source src=\"\/wp-content\/uploads\/2025\/06\/11-VILLA-AMPARO-VILLA-VICTORIA-VILLA-CARPI-ET-VILLA-PAQUITA.mp3\" type=\"audio\/mp3\" \/><\/audio><\/td>\n<\/tr>\n<tr>\n<td>12 Villa Elisa et Villa avec des Tours<\/td>\n<td><audio controls=\"controls\"><source src=\"\/wp-content\/uploads\/2025\/06\/12-VILLA-ELISA-ET-VILLA-AVEC-DES-TOURS.mp3\" type=\"audio\/mp3\" \/><\/audio><\/td>\n<\/tr>\n<tr>\n<td>13 H\u00f4tel Voramar<\/td>\n<td><audio controls=\"controls\"><source src=\"\/wp-content\/uploads\/2025\/06\/13-HATEL-VORAMAR.mp3\" type=\"audio\/mp3\" \/><\/audio><\/td>\n<\/tr>\n<tr>\n<td>14 Fontaine de \u00ab El Sen\u0303or \u00bb et de\u0301veloppement urbanistique<\/td>\n<td><audio controls=\"controls\"><source src=\"\/wp-content\/uploads\/2025\/06\/14-FONTAINE-DE-A-EL-SEA\u2018OR-A-ET-DA\u2030VELOPPEMENT-URBANISTIQUE.mp3\" type=\"audio\/mp3\" \/><\/audio><\/td>\n<\/tr>\n<tr>\n<td>15 E\u0301glise de Saint-Thomas<\/td>\n<td><audio controls=\"controls\"><source src=\"\/wp-content\/uploads\/2025\/06\/15-A\u2030GLISE-DE-SAINT-THOMAS.mp3\" type=\"audio\/mp3\" \/><\/audio><\/td>\n<\/tr>\n<tr>\n<td>16 Ho\u0302tel de Ville. Bibliotheque. Maison de la Culture<\/td>\n<td><audio controls=\"controls\"><source src=\"\/wp-content\/uploads\/2025\/06\/16-HATEL-DE-VILLE.-BIBLIOTHEQUE.-MAISON-DE-LA-CULTURE.mp3\" type=\"audio\/mp3\" \/><\/audio><\/td>\n<\/tr>\n<tr>\n<td>17 The\u0301a\u0302tre Municipal<\/td>\n<td><audio controls=\"controls\"><source src=\"\/wp-content\/uploads\/2025\/06\/17-THA\u2030A\u201aTRE-MUNICIPAL.mp3\" \/><\/audio><\/td>\n<\/tr>\n<tr>\n<td>18 Place des Douleurs et Gens<\/td>\n<td><audio controls=\"controls\"><source src=\"\/wp-content\/uploads\/2025\/06\/18-PLACE-DES-DOULEURS-ET-GENS.mp3\" type=\"audio\/mp3\" \/><\/audio><\/td>\n<\/tr>\n<tr>\n<td>19 Muse\u0301e et Cave Carmelite<\/td>\n<td><audio controls=\"controls\"><source src=\"\/wp-content\/uploads\/2025\/06\/19-MUSA\u2030E-ET-CAVE-CARMELITE.mp3\" type=\"audio\/mp3\" \/><\/audio><\/td>\n<\/tr>\n<tr>\n<td>20 Pont en Fer et Chemin de Fer<\/td>\n<td><audio controls=\"controls\"><source src=\"\/wp-content\/uploads\/2025\/06\/20-PONT-EN-FER-ET-CHEMIN-DE-FER.mp3\" type=\"audio\/mp3\" \/><\/audio><\/td>\n<\/tr>\n<tr>\n<td>21 Introduction. D\u00e9sert de las Palmas<\/td>\n<td><audio controls=\"controls\"><source src=\"\/wp-content\/uploads\/2025\/06\/21-INTRODUCTION.-DA\u2030SERT-DE-LAS-PALMAS.mp3\" type=\"audio\/mp3\" \/><\/audio><\/td>\n<\/tr>\n<tr>\n<td>22 D\u00e9sert de las Palmas, espace naturel<\/td>\n<td><audio controls=\"controls\"><source src=\"\/wp-content\/uploads\/2025\/06\/22-DA\u2030SERT-DE-LAS-PALMAS-ESPACE-NATUREL.mp3\" type=\"audio\/mp3\" \/><\/audio><\/td>\n<\/tr>\n<tr>\n<td>23 Fontaines et belv\u00e9d\u00e8res<\/td>\n<td><audio controls=\"controls\"><source src=\"\/wp-content\/uploads\/2025\/06\/23-FONTAINES-ET-BELVA\u2030DA\u02c6RES.mp3\" type=\"audio\/mp3\" \/><\/audio><\/td>\n<\/tr>\n<tr>\n<td>24 Vestiges historiques<\/td>\n<td><audio controls=\"controls\"><source src=\"\/wp-content\/uploads\/2025\/06\/24-VESTIGES-HISTORIQUES.mp3\" \/><\/audio><\/td>\n<\/tr>\n<tr>\n<td>25 Chateau de Montornes<\/td>\n<td><audio controls=\"controls\"><source src=\"\/wp-content\/uploads\/2025\/06\/25-CHATEAU-DE-MONTORNES.mp3\" type=\"audio\/mp3\" \/><\/audio><\/td>\n<\/tr>\n<tr>\n<td>26 Ancien monastere<\/td>\n<td><audio controls=\"controls\"><source src=\"\/wp-content\/uploads\/2025\/06\/26-ANCIEN-MONASTERE-MONASTERI-VELL.mp3\" type=\"audio\/mp3\" \/><\/audio><\/td>\n<\/tr>\n<tr>\n<td>27 Ermitages et Antres<\/td>\n<td><audio controls=\"controls\"><source src=\"\/wp-content\/uploads\/2025\/06\/27-ERMITAGES-ET-ANTRES.mp3\" type=\"audio\/mp3\" \/><\/audio><\/td>\n<\/tr>\n<tr>\n<td>28 Monastere des Carmelites Dechauss\u00e9s<\/td>\n<td><audio controls=\"controls\"><source src=\"\/wp-content\/uploads\/2025\/06\/28-MONASTERE-DES-CARMELITES-DECHAUSSA\u2030S.mp3\" type=\"audio\/mp3\" \/><\/audio><\/td>\n<\/tr>\n<\/tbody>\n<\/table>\n<p>[\/vc_column_text][\/vc_column][\/vc_row]<\/p>\n","protected":false},"excerpt":{"rendered":"<p>[vc_row full_width=&#8221;stretch_row&#8221; el_class=&#8221;breadcrumb-container banner letra-montserrat&#8221;][vc_column][\/vc_column][\/vc_row][vc_row][vc_column][\/vc_column][\/vc_row][vc_row full_width=&#8221;stretch_row&#8221; el_class=&#8221;bloque&#8221;][vc_column el_class=&#8221;contenido&#8221;][vc_column_text el_class=&#8221;tabla-audioguias&#8221;] 01 Introduction 02 Introduction au Parcours des Villas 03 Tour de Saint Vincent 04 Villas Solimar, Camilleri, El Barco et Iluminada 05 Villas Sofi\u0301a, Santa Cristina et Marina 06 Villas Mari\u0301a del Carmen et Da\u0301valos 07 Villas Maria Julia, Sainte Ana et Maria 08 Villas Rosita [&hellip;]<\/p>\n","protected":false},"author":11,"featured_media":0,"parent":0,"menu_order":0,"comment_status":"closed","ping_status":"closed","template":"","meta":{"_acf_changed":false,"footnotes":""},"class_list":["post-81684","page","type-page","status-publish","hentry"],"acf":[],"yoast_head":"<!-- This site is optimized with the Yoast SEO plugin v27.4 - https:\/\/yoast.com\/product\/yoast-seo-wordpress\/ -->\n<title>Benic\u00e0ssim Tourist Audioguides - Benic\u00e0ssim Tourism<\/title>\n<meta name=\"description\" content=\"We show you all the audio guides of the main places of interest that you can visit in Benic\u00e0ssim. We hope you enjoy it!\" \/>\n<meta name=\"robots\" content=\"index, follow, max-snippet:-1, max-image-preview:large, max-video-preview:-1\" \/>\n<link rel=\"canonical\" href=\"https:\/\/turismo.benicassim.es\/en\/audioguides-frances\/\" \/>\n<meta property=\"og:locale\" content=\"en_US\" \/>\n<meta property=\"og:type\" content=\"article\" \/>\n<meta property=\"og:title\" content=\"Benic\u00e0ssim Tourist Audioguides - Benic\u00e0ssim Tourism\" \/>\n<meta property=\"og:description\" content=\"We show you all the audio guides of the main places of interest that you can visit in Benic\u00e0ssim. We hope you enjoy it!\" \/>\n<meta property=\"og:url\" content=\"https:\/\/turismo.benicassim.es\/en\/audioguides-frances\/\" \/>\n<meta property=\"og:site_name\" content=\"Benic\u00e0ssim Turismo\" \/>\n<meta property=\"article:modified_time\" content=\"2026-04-17T05:34:41+00:00\" \/>\n<meta name=\"twitter:card\" content=\"summary_large_image\" \/>\n<meta name=\"twitter:label1\" content=\"Est. reading time\" \/>\n\t<meta name=\"twitter:data1\" content=\"1 minute\" \/>\n<script type=\"application\/ld+json\" class=\"yoast-schema-graph\">{\"@context\":\"https:\\\/\\\/schema.org\",\"@graph\":[{\"@type\":\"WebPage\",\"@id\":\"https:\\\/\\\/turismo.benicassim.es\\\/en\\\/audioguides-frances\\\/\",\"url\":\"https:\\\/\\\/turismo.benicassim.es\\\/en\\\/audioguides-frances\\\/\",\"name\":\"Benic\u00e0ssim Tourist Audioguides - Benic\u00e0ssim Tourism\",\"isPartOf\":{\"@id\":\"https:\\\/\\\/turismo.benicassim.es\\\/en\\\/#website\"},\"datePublished\":\"2025-06-06T10:50:52+00:00\",\"dateModified\":\"2026-04-17T05:34:41+00:00\",\"description\":\"We show you all the audio guides of the main places of interest that you can visit in Benic\u00e0ssim. We hope you enjoy it!\",\"breadcrumb\":{\"@id\":\"https:\\\/\\\/turismo.benicassim.es\\\/en\\\/audioguides-frances\\\/#breadcrumb\"},\"inLanguage\":\"en-US\",\"potentialAction\":[{\"@type\":\"ReadAction\",\"target\":[\"https:\\\/\\\/turismo.benicassim.es\\\/en\\\/audioguides-frances\\\/\"]}]},{\"@type\":\"BreadcrumbList\",\"@id\":\"https:\\\/\\\/turismo.benicassim.es\\\/en\\\/audioguides-frances\\\/#breadcrumb\",\"itemListElement\":[{\"@type\":\"ListItem\",\"position\":1,\"name\":\"Inicio\",\"item\":\"https:\\\/\\\/turismo.benicassim.es\\\/en\\\/\"},{\"@type\":\"ListItem\",\"position\":2,\"name\":\"Audioguides 2\"}]},{\"@type\":\"WebSite\",\"@id\":\"https:\\\/\\\/turismo.benicassim.es\\\/en\\\/#website\",\"url\":\"https:\\\/\\\/turismo.benicassim.es\\\/en\\\/\",\"name\":\"Benic\u00e0ssim Turismo\",\"description\":\"Web de informaci\u00f3n de Turismo en Benicasim\",\"potentialAction\":[{\"@type\":\"SearchAction\",\"target\":{\"@type\":\"EntryPoint\",\"urlTemplate\":\"https:\\\/\\\/turismo.benicassim.es\\\/en\\\/?s={search_term_string}\"},\"query-input\":{\"@type\":\"PropertyValueSpecification\",\"valueRequired\":true,\"valueName\":\"search_term_string\"}}],\"inLanguage\":\"en-US\"}]}<\/script>\n<!-- \/ Yoast SEO plugin. -->","yoast_head_json":{"title":"Benic\u00e0ssim Tourist Audioguides - Benic\u00e0ssim Tourism","description":"We show you all the audio guides of the main places of interest that you can visit in Benic\u00e0ssim. We hope you enjoy it!","robots":{"index":"index","follow":"follow","max-snippet":"max-snippet:-1","max-image-preview":"max-image-preview:large","max-video-preview":"max-video-preview:-1"},"canonical":"https:\/\/turismo.benicassim.es\/en\/audioguides-frances\/","og_locale":"en_US","og_type":"article","og_title":"Benic\u00e0ssim Tourist Audioguides - Benic\u00e0ssim Tourism","og_description":"We show you all the audio guides of the main places of interest that you can visit in Benic\u00e0ssim. We hope you enjoy it!","og_url":"https:\/\/turismo.benicassim.es\/en\/audioguides-frances\/","og_site_name":"Benic\u00e0ssim Turismo","article_modified_time":"2026-04-17T05:34:41+00:00","twitter_card":"summary_large_image","twitter_misc":{"Est. reading time":"1 minute"},"schema":{"@context":"https:\/\/schema.org","@graph":[{"@type":"WebPage","@id":"https:\/\/turismo.benicassim.es\/en\/audioguides-frances\/","url":"https:\/\/turismo.benicassim.es\/en\/audioguides-frances\/","name":"Benic\u00e0ssim Tourist Audioguides - Benic\u00e0ssim Tourism","isPartOf":{"@id":"https:\/\/turismo.benicassim.es\/en\/#website"},"datePublished":"2025-06-06T10:50:52+00:00","dateModified":"2026-04-17T05:34:41+00:00","description":"We show you all the audio guides of the main places of interest that you can visit in Benic\u00e0ssim. We hope you enjoy it!","breadcrumb":{"@id":"https:\/\/turismo.benicassim.es\/en\/audioguides-frances\/#breadcrumb"},"inLanguage":"en-US","potentialAction":[{"@type":"ReadAction","target":["https:\/\/turismo.benicassim.es\/en\/audioguides-frances\/"]}]},{"@type":"BreadcrumbList","@id":"https:\/\/turismo.benicassim.es\/en\/audioguides-frances\/#breadcrumb","itemListElement":[{"@type":"ListItem","position":1,"name":"Inicio","item":"https:\/\/turismo.benicassim.es\/en\/"},{"@type":"ListItem","position":2,"name":"Audioguides 2"}]},{"@type":"WebSite","@id":"https:\/\/turismo.benicassim.es\/en\/#website","url":"https:\/\/turismo.benicassim.es\/en\/","name":"Benic\u00e0ssim Turismo","description":"Web de informaci\u00f3n de Turismo en Benicasim","potentialAction":[{"@type":"SearchAction","target":{"@type":"EntryPoint","urlTemplate":"https:\/\/turismo.benicassim.es\/en\/?s={search_term_string}"},"query-input":{"@type":"PropertyValueSpecification","valueRequired":true,"valueName":"search_term_string"}}],"inLanguage":"en-US"}]}},"_links":{"self":[{"href":"https:\/\/turismo.benicassim.es\/en\/wp-json\/wp\/v2\/pages\/81684","targetHints":{"allow":["GET"]}}],"collection":[{"href":"https:\/\/turismo.benicassim.es\/en\/wp-json\/wp\/v2\/pages"}],"about":[{"href":"https:\/\/turismo.benicassim.es\/en\/wp-json\/wp\/v2\/types\/page"}],"author":[{"embeddable":true,"href":"https:\/\/turismo.benicassim.es\/en\/wp-json\/wp\/v2\/users\/11"}],"replies":[{"embeddable":true,"href":"https:\/\/turismo.benicassim.es\/en\/wp-json\/wp\/v2\/comments?post=81684"}],"version-history":[{"count":3,"href":"https:\/\/turismo.benicassim.es\/en\/wp-json\/wp\/v2\/pages\/81684\/revisions"}],"predecessor-version":[{"id":86756,"href":"https:\/\/turismo.benicassim.es\/en\/wp-json\/wp\/v2\/pages\/81684\/revisions\/86756"}],"wp:attachment":[{"href":"https:\/\/turismo.benicassim.es\/en\/wp-json\/wp\/v2\/media?parent=81684"}],"curies":[{"name":"wp","href":"https:\/\/api.w.org\/{rel}","templated":true}]}}