{"id":81763,"date":"2026-04-16T14:22:53","date_gmt":"2026-04-16T12:22:53","guid":{"rendered":"https:\/\/turismo.benicassim.es\/?page_id=81763"},"modified":"2026-04-16T14:22:53","modified_gmt":"2026-04-16T12:22:53","slug":"audioguies-aleman","status":"publish","type":"page","link":"https:\/\/turismo.benicassim.es\/va\/audioguies-aleman\/","title":{"rendered":"Audioguies alem\u00e0n"},"content":{"rendered":"<p>[vc_row full_width=&#8221;stretch_row&#8221; el_class=&#8221;breadcrumb-container banner letra-montserrat&#8221;][vc_column]<div class=\"my-breadcrumb\" style=\"display:inline-block;\"><a href=\"https:\/\/turismo.benicassim.es\/va\/\" class=\"link-color-2\">Inici<\/a> \/ <span>Audioguies alem\u00e0n<\/span><\/div>[\/vc_column][\/vc_row][vc_row][vc_column]\n\t\t\t<!-- START Audiogu\u00edas REVOLUTION SLIDER 6.6.14 --><p class=\"rs-p-wp-fix\"><\/p>\n\t\t\t<rs-module-wrap id=\"rev_slider_50_1_wrapper\" data-source=\"gallery\" style=\"visibility:hidden;background:transparent;padding:0;margin:0px auto;margin-top:0;margin-bottom:0;\">\n\t\t\t\t<rs-module id=\"rev_slider_50_1\" style=\"\" data-version=\"6.6.14\">\n\t\t\t\t\t<rs-slides style=\"overflow: hidden; position: absolute;\">\n\t\t\t\t\t\t<rs-slide style=\"position: absolute;\" data-key=\"rs-206\" data-title=\"Slide\" data-anim=\"ms:1000;r:0;\" data-in=\"o:0;\" data-out=\"a:false;\">\n\t\t\t\t\t\t\t<img decoding=\"async\" src=\"\/\/turismo.benicassim.es\/wp-content\/plugins\/revslider\/public\/assets\/assets\/dummy.png\" alt=\"\" title=\"cascos_audioguias\" width=\"1280\" height=\"853\" class=\"rev-slidebg tp-rs-img rs-lazyload\" data-lazyload=\"\/\/turismo.benicassim.es\/wp-content\/uploads\/2021\/10\/cascos_audioguias.jpg\" data-no-retina>\n<!--\n\t\t\t\t\t\t\t--><h1\n\t\t\t\t\t\t\t\tid=\"slider-50-slide-206-layer-0\" \n\t\t\t\t\t\t\t\tclass=\"rs-layer letra-antonio\"\n\t\t\t\t\t\t\t\tdata-type=\"text\"\n\t\t\t\t\t\t\t\tdata-color=\"#ffffff\"\n\t\t\t\t\t\t\t\tdata-rsp_ch=\"on\"\n\t\t\t\t\t\t\t\tdata-xy=\"x:c;y:c;\"\n\t\t\t\t\t\t\t\tdata-text=\"w:normal;s:60;l:90;ls:2px;\"\n\t\t\t\t\t\t\t\tdata-frame_999=\"o:0;st:w;\"\n\t\t\t\t\t\t\t\tstyle=\"z-index:5;font-family:'Anton';\"\n\t\t\t\t\t\t\t>Audiogu\u00edas Benicasim \n\t\t\t\t\t\t\t<\/h1><!--\n-->\t\t\t\t\t\t<\/rs-slide>\n\t\t\t\t\t<\/rs-slides>\n\t\t\t\t<\/rs-module>\n\t\t\t\t<script>\n\t\t\t\t\tsetREVStartSize({c: 'rev_slider_50_1',rl:[1240,1024,778,480],el:[550],gw:[1900],gh:[550],type:'standard',justify:'',layout:'fullwidth',mh:\"0\"});if (window.RS_MODULES!==undefined && window.RS_MODULES.modules!==undefined && window.RS_MODULES.modules[\"revslider501\"]!==undefined) {window.RS_MODULES.modules[\"revslider501\"].once = false;window.revapi50 = undefined;if (window.RS_MODULES.checkMinimal!==undefined) window.RS_MODULES.checkMinimal()}\n\t\t\t\t<\/script>\n\t\t\t<\/rs-module-wrap>\n\t\t\t<!-- END REVOLUTION SLIDER -->\n[\/vc_column][\/vc_row][vc_row full_width=&#8221;stretch_row&#8221; el_class=&#8221;bloque&#8221;][vc_column el_class=&#8221;contenido&#8221;][vc_column_text el_class=&#8221;tabla-audioguias&#8221;]<\/p>\n<table>\n<tbody>\n<tr>\n<td>01 Einfuhrung<\/td>\n<td><audio controls=\"controls\"><source src=\"\/wp-content\/uploads\/2025\/06\/01.Einfuhrung.mp3\" type=\"audio\/mp3\" \/><\/audio><\/td>\n<\/tr>\n<tr>\n<td>02 Einfuhrung in die Route der Villen<\/td>\n<td><audio controls=\"controls\"><source src=\"\/wp-content\/uploads\/2025\/06\/02.Einfuhrung-in-die-Route-der-Villen.mp3\" type=\"audio\/mp3\" \/><\/audio><\/td>\n<\/tr>\n<tr>\n<td>03 Turm von San Vicente<\/td>\n<td><audio controls=\"controls\"><source src=\"\/wp-content\/uploads\/2025\/06\/03.Turm-von-San-Vicente.mp3\" \/><\/audio><\/td>\n<\/tr>\n<tr>\n<td>04 Villen Solimar Camilleri El Barco und Iluminada<\/td>\n<td><audio controls=\"controls\"><source src=\"https:\/\/turismo.benicassim.es\/wp-content\/uploads\/2025\/06\/04.Villen-Solimar-Camilleri-El-Barco-und-Iluminada.mp3\" type=\"audio\/mp3\" \/><\/audio><\/td>\n<\/tr>\n<tr>\n<td>Villen Sofia Santa Cristina und Marina<\/td>\n<td><audio controls=\"controls\"><source src=\"\/wp-content\/uploads\/2025\/06\/05.Villen-Sofia-Santa-Cristina-und-Marina.mp3\" type=\"audio\/mp3\" \/><\/audio><\/td>\n<\/tr>\n<tr>\n<td>06 Villen Maria del Carmen und Davalos<\/td>\n<td><audio controls=\"controls\"><source src=\"\/wp-content\/uploads\/2025\/06\/06.Villen-Maria-del-Carmen-und-Davalos.mp3\" type=\"audio\/mp3\" \/><\/audio><\/td>\n<\/tr>\n<tr>\n<td>07 Villen Maria Julia Santa Ana und Maria<\/td>\n<td><audio controls=\"controls\"><source src=\"\/wp-content\/uploads\/2025\/06\/07.Villen-Maria-Julia-Santa-Ana-und-Maria.mp3\" type=\"audio\/mp3\" \/><\/audio><\/td>\n<\/tr>\n<tr>\n<td>08 Villen Rosita und Vicentica<\/td>\n<td><audio controls=\"controls\"><source src=\"\/wp-content\/uploads\/2025\/06\/08.Villen-Rosita-und-Vicentica.mp3\" \/><\/audio><\/td>\n<\/tr>\n<tr>\n<td>09 Villa Gens Cuatro Villas und Villa del Mar<\/td>\n<td><audio controls=\"controls\"><source src=\"\/wp-content\/uploads\/2025\/06\/09.Villa-Gens-Cuatro-Villas-und-Villa-del-Mar.mp3\" type=\"audio\/mp3\" \/><\/audio><\/td>\n<\/tr>\n<tr>\n<td>10 Villen Pons Rafaela und Socorrito<\/td>\n<td><audio controls=\"controls\"><source src=\"\/wp-content\/uploads\/2025\/06\/10.Villen-Pons-Rafaela-und-Socorrito.mp3\" type=\"audio\/mp3\" \/><\/audio><\/td>\n<\/tr>\n<tr>\n<td>11 Villen Amparo Victoria Carpi und Paquita<\/td>\n<td><audio controls=\"controls\"><source src=\"\/wp-content\/uploads\/2025\/06\/11.Villen-Amparo-Victoria-Carpi-und-Paquita.mp3\" type=\"audio\/mp3\" \/><\/audio><\/td>\n<\/tr>\n<tr>\n<td>12 Villa Elisa und Villa con Torre<\/td>\n<td><audio controls=\"controls\"><source src=\"\/wp-content\/uploads\/2025\/06\/12.Villa-Elisa-und-Villa-con-Torre.mp3\" \/><\/audio><\/td>\n<\/tr>\n<tr>\n<td>13 Hotel Voramar<\/td>\n<td><audio controls=\"controls\"><source src=\"\/wp-content\/uploads\/2025\/06\/13.Hotel-Voramar.mp3\" type=\"audio\/mp3\" \/><\/audio><\/td>\n<\/tr>\n<tr>\n<td>14 Fuente del Senor und Stadtentwicklung<\/td>\n<td><audio controls=\"controls\"><source src=\"https:\/\/turismo.benicassim.es\/wp-content\/uploads\/2025\/06\/14.Fuente-del-Senor-und-Stadtentwicklung.mp3\" type=\"audio\/mp3\" \/><\/audio><\/td>\n<\/tr>\n<tr>\n<td>15 Kirche Santo Tomas<\/td>\n<td><audio controls=\"controls\"><source src=\"\/wp-content\/uploads\/2025\/06\/15.Kirche-Santo-Tomas.mp3\" type=\"audio\/mp3\" \/><\/audio><\/td>\n<\/tr>\n<tr>\n<td>16 Rathaus Bibliothek Kulturzentrum<\/td>\n<td><audio controls=\"controls\"><source src=\"\/wp-content\/uploads\/2025\/06\/16.Rathaus-Bibliothek-Kulturzentrum.mp3\" type=\"audio\/mp3\" \/><\/audio><\/td>\n<\/tr>\n<tr>\n<td>17 Stadttheater<\/td>\n<td><audio controls=\"controls\"><source src=\"\/wp-content\/uploads\/2025\/06\/17.Stadttheater.mp3\" type=\"audio\/mp3\" \/><\/audio><\/td>\n<\/tr>\n<tr>\n<td>18 Plaza de los Dolores und Menschen<\/td>\n<td><audio controls=\"controls\"><source src=\"\/wp-content\/uploads\/2025\/06\/18.Plaza-de-los-Dolores-und-Menschen.mp3\" type=\"audio\/mp3\" \/><\/audio><\/td>\n<\/tr>\n<tr>\n<td>19 Carmelitano Museum und Weingut<\/td>\n<td><audio controls=\"controls\"><source src=\"\/wp-content\/uploads\/2025\/06\/19.Carmelitano-Museum-und-Weingut.mp3\" type=\"audio\/mp3\" \/><\/audio><\/td>\n<\/tr>\n<tr>\n<td>20 Eisenbrucke-und-Eisenbahn<\/td>\n<td><audio controls=\"controls\"><source src=\"\/wp-content\/uploads\/2025\/06\/20.Eisenbrucke-und-Eisenbahn.mp3\" type=\"audio\/mp3\" \/><\/audio><\/td>\n<\/tr>\n<tr>\n<td>21 Einfuhrung in die Wuste von Las Palmas<\/td>\n<td><audio controls=\"controls\"><source src=\"\/wp-content\/uploads\/2025\/06\/21.Einfuhrung-in-die-Wuste-von-Las-Palmas.mp3\" type=\"audio\/mp3\" \/><\/audio><\/td>\n<\/tr>\n<tr>\n<td>22 Wuste von Las Palmas Naturgebiet<\/td>\n<td><audio controls=\"controls\"><source src=\"\/wp-content\/uploads\/2025\/06\/22.Wuste-von-Las-Palmas-Naturgebiet.mp3\" type=\"audio\/mp3\" \/><\/audio><\/td>\n<\/tr>\n<tr>\n<td>23 Brunnen und Aussichtspunkte<\/td>\n<td><audio controls=\"controls\"><source src=\"\/wp-content\/uploads\/2025\/06\/23.Brunnen-und-Aussichtspunkte.mp3\" \/><\/audio><\/td>\n<\/tr>\n<tr>\n<td>24 Historische Uberreste<\/td>\n<td><audio controls=\"controls\"><source src=\"\/wp-content\/uploads\/2025\/06\/24.Historische-Uberreste.mp3\" type=\"audio\/mp3\" \/><\/audio><\/td>\n<\/tr>\n<tr>\n<td>25 Burg Montornes<\/td>\n<td><audio controls=\"controls\"><source src=\"\/wp-content\/uploads\/2025\/06\/25.Burg-Montornes.mp3\" type=\"audio\/mp3\" \/><\/audio><\/td>\n<\/tr>\n<tr>\n<td>26 Altes Kloster<\/td>\n<td><audio controls=\"controls\"><source src=\"\/wp-content\/uploads\/2025\/06\/26.Altes-Kloster.mp3\" type=\"audio\/mp3\" \/><\/audio><\/td>\n<\/tr>\n<tr>\n<td>27 Einsiedeleien und Hohlen<\/td>\n<td><audio controls=\"controls\"><source src=\"\/wp-content\/uploads\/2025\/06\/27.Einsiedeleien-und-Hohlen.mp3\" type=\"audio\/mp3\" \/><\/audio><\/td>\n<\/tr>\n<tr>\n<td>28 Kloster der Unbeschuhten Karmeliten<\/td>\n<td><audio controls=\"controls\"><source src=\"\/wp-content\/uploads\/2025\/06\/28.Kloster-der-Unbeschuhten-Karmeliten.mp3\" type=\"audio\/mp3\" \/><\/audio><\/td>\n<\/tr>\n<\/tbody>\n<\/table>\n<p>[\/vc_column_text][\/vc_column][\/vc_row]<\/p>\n","protected":false},"excerpt":{"rendered":"<p>[vc_row full_width=&#8221;stretch_row&#8221; el_class=&#8221;breadcrumb-container banner letra-montserrat&#8221;][vc_column][\/vc_column][\/vc_row][vc_row][vc_column][\/vc_column][\/vc_row][vc_row full_width=&#8221;stretch_row&#8221; el_class=&#8221;bloque&#8221;][vc_column el_class=&#8221;contenido&#8221;][vc_column_text el_class=&#8221;tabla-audioguias&#8221;] 01 Einfuhrung 02 Einfuhrung in die Route der Villen 03 Turm von San Vicente 04 Villen Solimar Camilleri El Barco und Iluminada Villen Sofia Santa Cristina und Marina 06 Villen Maria del Carmen und Davalos 07 Villen Maria Julia Santa Ana und Maria 08 Villen Rosita [&hellip;]<\/p>\n","protected":false},"author":11,"featured_media":0,"parent":0,"menu_order":0,"comment_status":"closed","ping_status":"closed","template":"","meta":{"_acf_changed":false,"footnotes":""},"class_list":["post-81763","page","type-page","status-publish","hentry"],"acf":[],"yoast_head":"<!-- This site is optimized with the Yoast SEO plugin v27.4 - https:\/\/yoast.com\/product\/yoast-seo-wordpress\/ -->\n<title>Audiogu\u00edas Tur\u00edsticas Benicasim - Benic\u00e0ssim Turismo<\/title>\n<meta name=\"description\" content=\"Te mostramos todas las audiogu\u00edas de los principales lugares de inter\u00e9s que puedes visitar en Benicasim. \u00a1Esperamos que las disfrutes!\" \/>\n<meta name=\"robots\" content=\"index, follow, max-snippet:-1, max-image-preview:large, max-video-preview:-1\" \/>\n<link rel=\"canonical\" href=\"https:\/\/turismo.benicassim.es\/va\/audioguies-aleman\/\" \/>\n<meta property=\"og:locale\" content=\"en_US\" \/>\n<meta property=\"og:type\" content=\"article\" \/>\n<meta property=\"og:title\" content=\"Audiogu\u00edas Tur\u00edsticas Benicasim - Benic\u00e0ssim Turismo\" \/>\n<meta property=\"og:description\" content=\"Te mostramos todas las audiogu\u00edas de los principales lugares de inter\u00e9s que puedes visitar en Benicasim. \u00a1Esperamos que las disfrutes!\" \/>\n<meta property=\"og:url\" content=\"https:\/\/turismo.benicassim.es\/va\/audioguies-aleman\/\" \/>\n<meta property=\"og:site_name\" content=\"Benic\u00e0ssim Turismo\" \/>\n<meta name=\"twitter:card\" content=\"summary_large_image\" \/>\n<meta name=\"twitter:label1\" content=\"Est. reading time\" \/>\n\t<meta name=\"twitter:data1\" content=\"1 minute\" \/>\n<script type=\"application\/ld+json\" class=\"yoast-schema-graph\">{\"@context\":\"https:\\\/\\\/schema.org\",\"@graph\":[{\"@type\":\"WebPage\",\"@id\":\"https:\\\/\\\/turismo.benicassim.es\\\/va\\\/audioguies-aleman\\\/\",\"url\":\"https:\\\/\\\/turismo.benicassim.es\\\/va\\\/audioguies-aleman\\\/\",\"name\":\"Audiogu\u00edas Tur\u00edsticas Benicasim - Benic\u00e0ssim Turismo\",\"isPartOf\":{\"@id\":\"https:\\\/\\\/turismo.benicassim.es\\\/va\\\/#website\"},\"datePublished\":\"2026-04-16T12:22:53+00:00\",\"description\":\"Te mostramos todas las audiogu\u00edas de los principales lugares de inter\u00e9s que puedes visitar en Benicasim. \u00a1Esperamos que las disfrutes!\",\"breadcrumb\":{\"@id\":\"https:\\\/\\\/turismo.benicassim.es\\\/va\\\/audioguies-aleman\\\/#breadcrumb\"},\"inLanguage\":\"ca-CA\",\"potentialAction\":[{\"@type\":\"ReadAction\",\"target\":[\"https:\\\/\\\/turismo.benicassim.es\\\/va\\\/audioguies-aleman\\\/\"]}]},{\"@type\":\"BreadcrumbList\",\"@id\":\"https:\\\/\\\/turismo.benicassim.es\\\/va\\\/audioguies-aleman\\\/#breadcrumb\",\"itemListElement\":[{\"@type\":\"ListItem\",\"position\":1,\"name\":\"Inicio\",\"item\":\"https:\\\/\\\/turismo.benicassim.es\\\/va\\\/\"},{\"@type\":\"ListItem\",\"position\":2,\"name\":\"Audioguies alem\u00e0n\"}]},{\"@type\":\"WebSite\",\"@id\":\"https:\\\/\\\/turismo.benicassim.es\\\/va\\\/#website\",\"url\":\"https:\\\/\\\/turismo.benicassim.es\\\/va\\\/\",\"name\":\"Benic\u00e0ssim Turismo\",\"description\":\"Web de informaci\u00f3n de Turismo en Benicasim\",\"potentialAction\":[{\"@type\":\"SearchAction\",\"target\":{\"@type\":\"EntryPoint\",\"urlTemplate\":\"https:\\\/\\\/turismo.benicassim.es\\\/va\\\/?s={search_term_string}\"},\"query-input\":{\"@type\":\"PropertyValueSpecification\",\"valueRequired\":true,\"valueName\":\"search_term_string\"}}],\"inLanguage\":\"ca-CA\"}]}<\/script>\n<!-- \/ Yoast SEO plugin. -->","yoast_head_json":{"title":"Audiogu\u00edas Tur\u00edsticas Benicasim - Benic\u00e0ssim Turismo","description":"Te mostramos todas las audiogu\u00edas de los principales lugares de inter\u00e9s que puedes visitar en Benicasim. \u00a1Esperamos que las disfrutes!","robots":{"index":"index","follow":"follow","max-snippet":"max-snippet:-1","max-image-preview":"max-image-preview:large","max-video-preview":"max-video-preview:-1"},"canonical":"https:\/\/turismo.benicassim.es\/va\/audioguies-aleman\/","og_locale":"en_US","og_type":"article","og_title":"Audiogu\u00edas Tur\u00edsticas Benicasim - Benic\u00e0ssim Turismo","og_description":"Te mostramos todas las audiogu\u00edas de los principales lugares de inter\u00e9s que puedes visitar en Benicasim. \u00a1Esperamos que las disfrutes!","og_url":"https:\/\/turismo.benicassim.es\/va\/audioguies-aleman\/","og_site_name":"Benic\u00e0ssim Turismo","twitter_card":"summary_large_image","twitter_misc":{"Est. reading time":"1 minute"},"schema":{"@context":"https:\/\/schema.org","@graph":[{"@type":"WebPage","@id":"https:\/\/turismo.benicassim.es\/va\/audioguies-aleman\/","url":"https:\/\/turismo.benicassim.es\/va\/audioguies-aleman\/","name":"Audiogu\u00edas Tur\u00edsticas Benicasim - Benic\u00e0ssim Turismo","isPartOf":{"@id":"https:\/\/turismo.benicassim.es\/va\/#website"},"datePublished":"2026-04-16T12:22:53+00:00","description":"Te mostramos todas las audiogu\u00edas de los principales lugares de inter\u00e9s que puedes visitar en Benicasim. \u00a1Esperamos que las disfrutes!","breadcrumb":{"@id":"https:\/\/turismo.benicassim.es\/va\/audioguies-aleman\/#breadcrumb"},"inLanguage":"ca-CA","potentialAction":[{"@type":"ReadAction","target":["https:\/\/turismo.benicassim.es\/va\/audioguies-aleman\/"]}]},{"@type":"BreadcrumbList","@id":"https:\/\/turismo.benicassim.es\/va\/audioguies-aleman\/#breadcrumb","itemListElement":[{"@type":"ListItem","position":1,"name":"Inicio","item":"https:\/\/turismo.benicassim.es\/va\/"},{"@type":"ListItem","position":2,"name":"Audioguies alem\u00e0n"}]},{"@type":"WebSite","@id":"https:\/\/turismo.benicassim.es\/va\/#website","url":"https:\/\/turismo.benicassim.es\/va\/","name":"Benic\u00e0ssim Turismo","description":"Web de informaci\u00f3n de Turismo en Benicasim","potentialAction":[{"@type":"SearchAction","target":{"@type":"EntryPoint","urlTemplate":"https:\/\/turismo.benicassim.es\/va\/?s={search_term_string}"},"query-input":{"@type":"PropertyValueSpecification","valueRequired":true,"valueName":"search_term_string"}}],"inLanguage":"ca-CA"}]}},"_links":{"self":[{"href":"https:\/\/turismo.benicassim.es\/va\/wp-json\/wp\/v2\/pages\/81763","targetHints":{"allow":["GET"]}}],"collection":[{"href":"https:\/\/turismo.benicassim.es\/va\/wp-json\/wp\/v2\/pages"}],"about":[{"href":"https:\/\/turismo.benicassim.es\/va\/wp-json\/wp\/v2\/types\/page"}],"author":[{"embeddable":true,"href":"https:\/\/turismo.benicassim.es\/va\/wp-json\/wp\/v2\/users\/11"}],"replies":[{"embeddable":true,"href":"https:\/\/turismo.benicassim.es\/va\/wp-json\/wp\/v2\/comments?post=81763"}],"version-history":[{"count":2,"href":"https:\/\/turismo.benicassim.es\/va\/wp-json\/wp\/v2\/pages\/81763\/revisions"}],"predecessor-version":[{"id":81836,"href":"https:\/\/turismo.benicassim.es\/va\/wp-json\/wp\/v2\/pages\/81763\/revisions\/81836"}],"wp:attachment":[{"href":"https:\/\/turismo.benicassim.es\/va\/wp-json\/wp\/v2\/media?parent=81763"}],"curies":[{"name":"wp","href":"https:\/\/api.w.org\/{rel}","templated":true}]}}